{"id":4197,"date":"2022-01-05T11:54:08","date_gmt":"2022-01-05T10:54:08","guid":{"rendered":"https:\/\/www.mediaregulation.org\/?page_id=4197"},"modified":"2022-03-11T19:28:36","modified_gmt":"2022-03-11T18:28:36","slug":"europe","status":"publish","type":"page","link":"https:\/\/www.mediaregulation.org\/en\/regulatory-authorities\/europe\/","title":{"rendered":"Europe"},"content":{"rendered":"<p>[vc_row el_class=&#8221;carrers_area&#8221;][vc_column width=&#8221;1\/4&#8243; el_class=&#8221;carrers_left width_100&#8243;][vc_column_text]<\/p>\n<ul class=\"nav nav-tabs\" role=\"tablist\">\n<li role=\"presentation\"><a href=\"\/en\/regulatory-authorities\/\">Authorities<\/a><\/li>\n<li role=\"presentation\"><a href=\"\/en\/regulatory-authorities\/africa\/\">Africa<\/a><\/li>\n<li class=\"active\" role=\"presentation\"><a role=\"tab\" href=\"\/en\/regulatory-authorities\/europe\/\" aria-controls=\"carrers4\">Europe<\/a><span id=\"Oc\u00e9anie\" class=\"mw-headline\"><\/span><\/li>\n<li role=\"presentation\"><a href=\"\/en\/regulatory-authorities\/america\/\">Americas<\/a><\/li>\n<li role=\"presentation\"><a href=\"\/en\/regulatory-authorities\/asia\/\">Asia<\/a><\/li>\n<li role=\"presentation\"><a href=\"\/en\/regulatory-authorities\/oceanie\/\">Oceania<\/a><\/li>\n<\/ul>\n<p>[\/vc_column_text][vc_column_text]<\/p>\n<div class=\"contact_info\">\n<h2>Contact<\/h2>\n<p>Mr. Jean-Fran\u00e7ois Furn\u00e9mont,<br \/>\nEditor in Chief<\/p>\n<p>Phone :<br \/>\n+216 71 656 507<br \/>\n+32 477 307 160<\/p>\n<p>E-mail :<br \/>\n<a href=\"mailto:info@mediaregulation.org\">info@mediaregulation.org<\/a><\/p>\n<h5><\/h5>\n<\/div>\n<p>[\/vc_column_text][\/vc_column][vc_column width=&#8221;3\/4&#8243; el_class=&#8221;carrers_right_content width_100&#8243;][vc_row_inner el_class=&#8221;partner_details&#8221;][vc_column_inner el_class=&#8221;section_title&#8221;][vc_custom_heading text=&#8221;Regulatory authorities in Europe&#8221; google_fonts=&#8221;&#8221;][vc_custom_heading text=&#8221;&#8221; font_container=&#8221;tag:p|text_align:left&#8221; google_fonts=&#8221;&#8221;][\/vc_column_inner][\/vc_row_inner][vc_row_inner][vc_column_inner width=&#8221;1\/3&#8243;][vc_single_image image=&#8221;3581&#8243; img_size=&#8221;&#8221; alignment=&#8221;center&#8221;][\/vc_column_inner][vc_column_inner width=&#8221;2\/3&#8243;][vc_column_text el_class=&#8221;about_company&#8221;]<\/p>\n<h4 style=\"text-align: left;\"><a href=\"http:\/\/ama.gov.al\/\" target=\"_blank\" rel=\"noopener\">Albania | AMA<\/a><\/h4>\n<p style=\"text-align: left;\"><span class=\"content\">Autoriteti i Mediave Audiovizive<\/span><\/p>\n<p>[\/vc_column_text][\/vc_column_inner][\/vc_row_inner][vc_separator][vc_row_inner][vc_column_inner width=&#8221;1\/3&#8243;][vc_single_image image=&#8221;3794&#8243; img_size=&#8221;&#8221; alignment=&#8221;center&#8221;][\/vc_column_inner][vc_column_inner width=&#8221;2\/3&#8243;][vc_column_text el_class=&#8221;about_company&#8221;]<\/p>\n<h4 style=\"text-align: left;\"><a href=\"http:\/\/tvradio.am\/\" target=\"_blank\" rel=\"noopener\">Armenia | CTR<\/a><\/h4>\n<p class=\"name\">Commission on TV and Radio &#8211; <span class=\"content\">\u0540\u0565\u057c\u0578\u0582\u057d\u057f\u0561\u057f\u0565\u057d\u0578\u0582\u0569\u0575\u0561\u0576 \u0587 \u057c\u0561\u0564\u056b\u0578\u0575\u056b \u0570\u0561\u0576\u0571\u0576\u0561\u056a\u0578\u0572\u0578\u057e<\/span><\/p>\n<p>[\/vc_column_text][\/vc_column_inner][\/vc_row_inner][vc_separator][vc_row_inner][vc_column_inner width=&#8221;1\/3&#8243;][vc_single_image image=&#8221;3818&#8243; img_size=&#8221;&#8221; alignment=&#8221;center&#8221;][\/vc_column_inner][vc_column_inner width=&#8221;2\/3&#8243;][vc_column_text el_class=&#8221;about_company&#8221;]<\/p>\n<h4 style=\"text-align: left;\"><a href=\"https:\/\/www.rtr.at\/\">Austria | <span class=\"title\">KommAustria<\/span><\/a><\/h4>\n<p class=\"name\">Kommunikationsbeh\u00f6rde Austria<\/p>\n<p>[\/vc_column_text][\/vc_column_inner][\/vc_row_inner][vc_separator][vc_row_inner][vc_column_inner width=&#8221;1\/3&#8243;][vc_single_image image=&#8221;3593&#8243; img_size=&#8221;&#8221; alignment=&#8221;center&#8221;][\/vc_column_inner][vc_column_inner width=&#8221;2\/3&#8243;][vc_column_text el_class=&#8221;about_company&#8221;]<\/p>\n<h4 style=\"text-align: left;\"><a href=\"https:\/\/ntrc.gov.az\/\">Azerba\u00efdjan | MTRS <\/a><\/h4>\n<p class=\"name\"><span class=\"content\">Milli Televiziya v\u0259 Radio \u015euras\u0131<\/span><\/p>\n<p>[\/vc_column_text][\/vc_column_inner][\/vc_row_inner][vc_separator][vc_row_inner][vc_column_inner width=&#8221;1\/3&#8243;][vc_single_image image=&#8221;3798&#8243; img_size=&#8221;&#8221; alignment=&#8221;center&#8221;][\/vc_column_inner][vc_column_inner width=&#8221;2\/3&#8243;][vc_column_text el_class=&#8221;about_company&#8221;]<\/p>\n<h4 style=\"text-align: left;\"><a href=\"https:\/\/www.csa.be\/\" target=\"_blank\" rel=\"noopener\">Belgium | CSA<\/a><\/h4>\n<p style=\"text-align: left;\">Conseil Sup\u00e9rieur de l&#8217;Audiovisuel<\/p>\n<p>[\/vc_column_text][\/vc_column_inner][\/vc_row_inner][vc_separator][vc_row_inner][vc_column_inner width=&#8221;1\/3&#8243;][vc_single_image image=&#8221;3911&#8243; img_size=&#8221;&#8221; alignment=&#8221;center&#8221;][\/vc_column_inner][vc_column_inner width=&#8221;2\/3&#8243;][vc_column_text el_class=&#8221;about_company&#8221;]<\/p>\n<h4 style=\"text-align: left;\"><a href=\"https:\/\/www.vlaamseregulatormedia.be\/nl\">Belgium | VRM<\/a><\/h4>\n<p class=\"name\"><span class=\"content\">Vlaamse Regulator voor de Media<\/span><\/p>\n<h4 style=\"text-align: left;\"><\/h4>\n<p>[\/vc_column_text][\/vc_column_inner][\/vc_row_inner][vc_separator][vc_row_inner][vc_column_inner width=&#8221;1\/3&#8243;][vc_single_image image=&#8221;3822&#8243; img_size=&#8221;&#8221; alignment=&#8221;center&#8221;][\/vc_column_inner][vc_column_inner width=&#8221;2\/3&#8243;][vc_column_text el_class=&#8221;about_company&#8221;]<\/p>\n<h4 style=\"text-align: left;\"><a href=\"http:\/\/www.medienrat.be\/\">Belgium | Medienrat<\/a><\/h4>\n<p class=\"name\">Medienrat<\/p>\n<h4 style=\"text-align: left;\"><\/h4>\n<p>[\/vc_column_text][\/vc_column_inner][\/vc_row_inner][vc_separator][vc_row_inner][vc_column_inner width=&#8221;1\/3&#8243;][vc_single_image image=&#8221;3857&#8243; img_size=&#8221;&#8221; alignment=&#8221;center&#8221;][\/vc_column_inner][vc_column_inner width=&#8221;2\/3&#8243;][vc_column_text el_class=&#8221;about_company&#8221;]<\/p>\n<h4 style=\"text-align: left;\"><a href=\"https:\/\/www.rak.ba\/bs-Latn-BA\/\" target=\"_blank\" rel=\"noopener\">Bosnia and Herzegovina | RAK<\/a><\/h4>\n<p style=\"text-align: left;\"><span class=\"content\">Regulatorna Agencija za Komunikacije <\/span><\/p>\n<p>[\/vc_column_text][\/vc_column_inner][\/vc_row_inner][vc_separator][vc_row_inner][vc_column_inner width=&#8221;1\/3&#8243;][vc_single_image image=&#8221;3941&#8243; img_size=&#8221;&#8221; alignment=&#8221;center&#8221;][\/vc_column_inner][vc_column_inner width=&#8221;2\/3&#8243;][vc_column_text el_class=&#8221;about_company&#8221;]<\/p>\n<h4 style=\"text-align: left;\"><a href=\"https:\/\/www.cem.bg\/\">Bulgaria | CEM<\/a><\/h4>\n<p class=\"name\">Council for Electronic Media &#8211; <span class=\"content\">\u0421\u042a\u0412\u0415\u0422 \u0417\u0410 \u0415\u041b\u0415\u041a\u0422\u0420\u041e\u041d\u041d\u0418 <\/span><\/p>\n<h4 style=\"text-align: left;\"><\/h4>\n<p>[\/vc_column_text][\/vc_column_inner][\/vc_row_inner][vc_separator][vc_row_inner][vc_column_inner width=&#8221;1\/3&#8243;][vc_single_image image=&#8221;3826&#8243; img_size=&#8221;&#8221; alignment=&#8221;center&#8221;][\/vc_column_inner][vc_column_inner width=&#8221;2\/3&#8243;][vc_column_text el_class=&#8221;about_company&#8221;]<\/p>\n<h4 style=\"text-align: left;\"><a href=\"https:\/\/www.aem.hr\/\">Croatia | AEM<\/a><\/h4>\n<p class=\"name\"><span class=\"content\">Agencija za Elektronicke Medije<\/span><\/p>\n<h4 style=\"text-align: left;\"><\/h4>\n<p>[\/vc_column_text][\/vc_column_inner][\/vc_row_inner][vc_separator][vc_row_inner][vc_column_inner width=&#8221;1\/3&#8243;][vc_single_image image=&#8221;3853&#8243; img_size=&#8221;&#8221; alignment=&#8221;center&#8221;][\/vc_column_inner][vc_column_inner width=&#8221;2\/3&#8243;][vc_column_text el_class=&#8221;about_company&#8221;]<\/p>\n<h4 style=\"text-align: left;\"><a href=\"https:\/\/crta.org.cy\/\">Cyprus | CRTA<\/a><\/h4>\n<p class=\"name\">Cyprus Radio-Television Authority<\/p>\n<h4 style=\"text-align: left;\"><\/h4>\n<p>[\/vc_column_text][\/vc_column_inner][\/vc_row_inner][vc_separator][vc_row_inner][vc_column_inner width=&#8221;1\/3&#8243;][vc_single_image image=&#8221;3625&#8243; img_size=&#8221;&#8221; alignment=&#8221;center&#8221;][\/vc_column_inner][vc_column_inner width=&#8221;2\/3&#8243;][vc_column_text el_class=&#8221;about_company&#8221;]<\/p>\n<h4 style=\"text-align: left;\"><a href=\"https:\/\/www.rrtv.cz\/en\/\" target=\"_blank\" rel=\"noopener\">Czech Republic | RRTV<\/a><\/h4>\n<p class=\"name\"><span class=\"content\">Rada pro Rozhlasov\u00e9 a Televizn\u00ed Vys\u00edl\u00e1n\u00ed<\/span><\/p>\n<p>[\/vc_column_text][\/vc_column_inner][\/vc_row_inner][vc_separator][vc_row_inner][vc_column_inner width=&#8221;1\/3&#8243;][vc_single_image image=&#8221;3919&#8243; img_size=&#8221;&#8221; alignment=&#8221;center&#8221;][\/vc_column_inner][vc_column_inner width=&#8221;2\/3&#8243;][vc_column_text el_class=&#8221;about_company&#8221;]<\/p>\n<h4 style=\"text-align: left;\"><a href=\"https:\/\/slks.dk\/omraader\/medier\/\">Denmark | SLKS<\/a><\/h4>\n<p class=\"name\">Radio og tv-n\u00e6vnet<\/p>\n<h4 style=\"text-align: left;\"><\/h4>\n<p>[\/vc_column_text][\/vc_column_inner][\/vc_row_inner][vc_separator][vc_row_inner][vc_column_inner width=&#8221;1\/3&#8243;][vc_single_image image=&#8221;3830&#8243; img_size=&#8221;&#8221; alignment=&#8221;center&#8221;][\/vc_column_inner][vc_column_inner width=&#8221;2\/3&#8243;][vc_column_text el_class=&#8221;about_company&#8221;]<\/p>\n<h4 style=\"text-align: left;\"><a href=\"https:\/\/www.ttja.ee\/et\">Estonia | TTJA<\/a><\/h4>\n<p class=\"name\"><span class=\"content\">Tarbijakaitse ja Tehnilise J\u00e4relevalve Amet <\/span><\/p>\n<h4 style=\"text-align: left;\"><\/h4>\n<p>[\/vc_column_text][\/vc_column_inner][\/vc_row_inner][vc_separator][vc_row_inner][vc_column_inner width=&#8221;1\/3&#8243;][vc_single_image image=&#8221;4434&#8243;][\/vc_column_inner][vc_column_inner width=&#8221;2\/3&#8243;][vc_column_text el_class=&#8221;about_company&#8221;]<\/p>\n<h4 style=\"text-align: left;\"><a href=\"https:\/\/www.csa.fr\/\" target=\"_blank\" rel=\"noopener\">France | ARCOM<\/a><\/h4>\n<p class=\"LC20lb DKV0Md\" style=\"text-align: left;\">Autorit\u00e9 de R\u00e9gulation de la Communication Audiovisuelle et Num\u00e9rique<\/p>\n<p>[\/vc_column_text][vc_single_image image=&#8221;3802&#8243; img_size=&#8221;&#8221; alignment=&#8221;center&#8221;][\/vc_column_inner][\/vc_row_inner][vc_separator][vc_row_inner][vc_column_inner width=&#8221;1\/3&#8243;][vc_single_image image=&#8221;3653&#8243; img_size=&#8221;&#8221; alignment=&#8221;center&#8221;][\/vc_column_inner][vc_column_inner width=&#8221;2\/3&#8243;][vc_column_text el_class=&#8221;about_company&#8221;]<\/p>\n<h4 style=\"text-align: left;\"><a href=\"https:\/\/www.traficom.fi\/fi\/\">Finland | Traficom<\/a><\/h4>\n<p class=\"name\">Traficom<\/p>\n<p>[\/vc_column_text][\/vc_column_inner][\/vc_row_inner][vc_separator][vc_row_inner][vc_column_inner width=&#8221;1\/3&#8243;][vc_single_image image=&#8221;3657&#8243; img_size=&#8221;&#8221; alignment=&#8221;center&#8221;][\/vc_column_inner][vc_column_inner width=&#8221;2\/3&#8243;][vc_column_text el_class=&#8221;about_company&#8221;]<\/p>\n<h4 style=\"text-align: left;\"><a href=\"https:\/\/kavi.fi\/en\/\">Finland | KAVI<\/a><\/h4>\n<p class=\"name\"><span class=\"content\">Kansallinen audiovisuaalinen instituutti <\/span><\/p>\n<p>[\/vc_column_text][\/vc_column_inner][\/vc_row_inner][vc_separator][vc_row_inner][vc_column_inner width=&#8221;1\/3&#8243;][vc_single_image image=&#8221;3889&#8243; img_size=&#8221;&#8221; alignment=&#8221;center&#8221;][\/vc_column_inner][vc_column_inner width=&#8221;2\/3&#8243;][vc_column_text el_class=&#8221;about_company&#8221;]<\/p>\n<h4 style=\"text-align: left;\"><a href=\"https:\/\/comcom.ge\/en\/\">Georgia | GNCC<\/a><\/h4>\n<p class=\"name\">Georgian National Communications Commission<\/p>\n<p>[\/vc_column_text][\/vc_column_inner][\/vc_row_inner][vc_separator][vc_row_inner][vc_column_inner width=&#8221;1\/3&#8243;][vc_single_image image=&#8221;3629&#8243; img_size=&#8221;&#8221; alignment=&#8221;center&#8221;][\/vc_column_inner][vc_column_inner width=&#8221;2\/3&#8243;][vc_column_text el_class=&#8221;about_company&#8221;]<\/p>\n<h4 style=\"text-align: left;\"><a href=\"https:\/\/www.die-medienanstalten.de\/\" target=\"_blank\" rel=\"noopener\">Germany | DLM<\/a><\/h4>\n<p class=\"name\"><span class=\"content\">Direktorenkonferenz der Landesmedienanstalten<\/span><\/p>\n<p>[\/vc_column_text][\/vc_column_inner][\/vc_row_inner][vc_separator][vc_row_inner][vc_column_inner width=&#8221;1\/3&#8243;][vc_single_image image=&#8221;3885&#8243; img_size=&#8221;&#8221; alignment=&#8221;center&#8221;][\/vc_column_inner][vc_column_inner width=&#8221;2\/3&#8243;][vc_column_text el_class=&#8221;about_company&#8221;]<\/p>\n<h4 style=\"text-align: left;\"><a href=\"https:\/\/www.gra.gi\/\">Gibraltar | GRA<\/a><\/h4>\n<p class=\"name\">Gibraltar Regulatory Authority<\/p>\n<p>[\/vc_column_text][\/vc_column_inner][\/vc_row_inner][vc_separator][vc_row_inner][vc_column_inner width=&#8221;1\/3&#8243;][vc_single_image image=&#8221;3670&#8243; img_size=&#8221;&#8221; alignment=&#8221;center&#8221;][\/vc_column_inner][vc_column_inner width=&#8221;2\/3&#8243;][vc_column_text el_class=&#8221;about_company&#8221;]<\/p>\n<h4 style=\"text-align: left;\"><a href=\"https:\/\/www.esr.gr\/\">Greece | ESR<\/a><\/h4>\n<p class=\"name\"><span class=\"content\">\u0395\u03b8\u03bd\u03b9\u03ba\u03cc \u03a3\u03c5\u03bc\u03b2\u03bf\u03cd\u03bb\u03b9\u03bf \u03a1\u03b1\u03b4\u03b9\u03bf\u03c4\u03b7\u03bb\u03b5\u03cc\u03c1\u03b1\u03c3\u03b7\u03c2 \u2013 \u0395\u03a3\u03a1<\/span><\/p>\n<p>[\/vc_column_text][\/vc_column_inner][\/vc_row_inner][vc_separator][vc_row_inner][vc_column_inner width=&#8221;1\/3&#8243;][vc_single_image image=&#8221;3881&#8243; img_size=&#8221;&#8221; alignment=&#8221;center&#8221;][\/vc_column_inner][vc_column_inner width=&#8221;2\/3&#8243;][vc_column_text el_class=&#8221;about_company&#8221;]<\/p>\n<h4 style=\"text-align: left;\"><a href=\"https:\/\/nmhh.hu\/\">Hungary | <span class=\"title\">NMHH<\/span><\/a><\/h4>\n<p class=\"name\"><span class=\"content\">Nemzeti M\u00e9dia- \u00e9s H\u00edrk\u00f6zl\u00e9si Hat\u00f3s\u00e1g \u2013 M\u00e9diatan\u00e1cs<\/span><\/p>\n<p>[\/vc_column_text][\/vc_column_inner][\/vc_row_inner][vc_separator][vc_row_inner][vc_column_inner width=&#8221;1\/3&#8243;][vc_single_image image=&#8221;3923&#8243; img_size=&#8221;&#8221; alignment=&#8221;center&#8221;][\/vc_column_inner][vc_column_inner width=&#8221;2\/3&#8243;][vc_column_text el_class=&#8221;about_company&#8221;]<\/p>\n<h4 style=\"text-align: left;\"><a href=\"https:\/\/fjolmidlanefnd.is\/\">Iceland | Fj\u00f6lmi\u00f0lanefnd<\/a><\/h4>\n<p class=\"name\"><span class=\"content\">Fj\u00f6lmi\u00f0lanefnd<\/span><\/p>\n<p>[\/vc_column_text][\/vc_column_inner][\/vc_row_inner][vc_separator][vc_row_inner][vc_column_inner width=&#8221;1\/3&#8243;][vc_single_image image=&#8221;3873&#8243; img_size=&#8221;&#8221; alignment=&#8221;center&#8221;][\/vc_column_inner][vc_column_inner width=&#8221;2\/3&#8243;][vc_column_text el_class=&#8221;about_company&#8221;]<\/p>\n<h4 style=\"text-align: left;\"><a href=\"https:\/\/www.bai.ie\/en\/\" target=\"_blank\" rel=\"noopener\">Ireland | BAI<\/a><\/h4>\n<p class=\"LC20lb DKV0Md\" style=\"text-align: left;\">Broadcast Authority of Ireland<\/p>\n<p>[\/vc_column_text][\/vc_column_inner][\/vc_row_inner][vc_separator][vc_row_inner][vc_column_inner width=&#8221;1\/3&#8243;][vc_single_image image=&#8221;3869&#8243; img_size=&#8221;&#8221; alignment=&#8221;center&#8221;][\/vc_column_inner][vc_column_inner width=&#8221;2\/3&#8243;][vc_column_text el_class=&#8221;about_company&#8221;]<\/p>\n<h4 style=\"text-align: left;\"><a href=\"https:\/\/www.cura.im\/\">Isle of Man | CURA <\/a><\/h4>\n<p class=\"name\">Communications and Utilities Regulatory Authority<\/p>\n<p>[\/vc_column_text][\/vc_column_inner][\/vc_row_inner][vc_separator][vc_row_inner][vc_column_inner width=&#8221;1\/3&#8243;][vc_single_image image=&#8221;3691&#8243; img_size=&#8221;&#8221; alignment=&#8221;center&#8221;][\/vc_column_inner][vc_column_inner width=&#8221;2\/3&#8243;][vc_column_text el_class=&#8221;about_company&#8221;]<\/p>\n<h4 style=\"text-align: left;\"><a href=\"https:\/\/www.agcom.it\/\">Italy | <span class=\"title\">AGCOM<\/span><\/a><\/h4>\n<p class=\"name\"><span class=\"content\">Autorit\u00e0 per le garanzie nelle comunicazioni <\/span><\/p>\n<p>[\/vc_column_text][\/vc_column_inner][\/vc_row_inner][vc_separator][vc_row_inner][vc_column_inner width=&#8221;1\/3&#8243;][vc_single_image image=&#8221;3768&#8243; img_size=&#8221;&#8221; alignment=&#8221;center&#8221;][\/vc_column_inner][vc_column_inner width=&#8221;2\/3&#8243;][vc_column_text el_class=&#8221;about_company&#8221;]<\/p>\n<h4 style=\"text-align: left;\"><a href=\"https:\/\/www.kpm-ks.org\/\" target=\"_blank\" rel=\"noopener\">Kosovo | KPM<\/a><\/h4>\n<p class=\"name\"><span class=\"content\">Komisioni i Pavarur i Mediave<\/span><\/p>\n<p>[\/vc_column_text][\/vc_column_inner][\/vc_row_inner][vc_separator][vc_row_inner][vc_column_inner width=&#8221;1\/3&#8243;][vc_single_image image=&#8221;3703&#8243; img_size=&#8221;&#8221; alignment=&#8221;center&#8221;][\/vc_column_inner][vc_column_inner width=&#8221;2\/3&#8243;][vc_column_text el_class=&#8221;about_company&#8221;]<\/p>\n<h4 style=\"text-align: left;\"><a href=\"https:\/\/www.neplpadome.lv\/\">Latvia | <span class=\"title\">NEPLP<\/span><\/a><\/h4>\n<p class=\"name\">National Electronic Mass Media Council<\/p>\n<p>[\/vc_column_text][\/vc_column_inner][\/vc_row_inner][vc_separator][vc_row_inner][vc_column_inner width=&#8221;1\/3&#8243;][vc_single_image image=&#8221;3849&#8243; img_size=&#8221;&#8221; alignment=&#8221;center&#8221;][\/vc_column_inner][vc_column_inner width=&#8221;2\/3&#8243;][vc_column_text el_class=&#8221;about_company&#8221;]<\/p>\n<h4 style=\"text-align: left;\"><a href=\"http:\/\/www.ak.llv.li\/\">Liechtenstein | AK<\/a><\/h4>\n<p class=\"LC20lb DKV0Md\" style=\"text-align: left;\"><span class=\"content\">Amt f\u00fcr Kommunikation<\/span><\/p>\n<p>[\/vc_column_text][\/vc_column_inner][\/vc_row_inner][vc_separator][vc_row_inner][vc_column_inner width=&#8221;1\/3&#8243;][vc_single_image image=&#8221;3699&#8243; img_size=&#8221;&#8221; alignment=&#8221;center&#8221;][\/vc_column_inner][vc_column_inner width=&#8221;2\/3&#8243;][vc_column_text el_class=&#8221;about_company&#8221;]<\/p>\n<h4 style=\"text-align: left;\"><a href=\"https:\/\/www.rtk.lt\/\">Lithuania | <span class=\"title\">RTK<\/span><\/a><\/h4>\n<p class=\"name\"><span class=\"content\"> Radijo ir Televizijos Komisija <\/span><\/p>\n<p>[\/vc_column_text][\/vc_column_inner][\/vc_row_inner][vc_separator][vc_row_inner][vc_column_inner width=&#8221;1\/3&#8243;][vc_single_image image=&#8221;2008&#8243; img_size=&#8221;&#8221; alignment=&#8221;center&#8221;][\/vc_column_inner][vc_column_inner width=&#8221;2\/3&#8243;][vc_column_text el_class=&#8221;about_company&#8221;]<\/p>\n<h4 style=\"text-align: left;\"><a href=\"https:\/\/www.alia.lu\/fr\/\" target=\"_blank\" rel=\"noopener\">Luxembourg | ALIA<\/a><\/h4>\n<p class=\"LC20lb DKV0Md\" style=\"text-align: left;\">Autorit\u00e9 Luxembourgeoise Ind\u00e9pendante de l&#8217;Audiovisuel<\/p>\n<p>[\/vc_column_text][\/vc_column_inner][\/vc_row_inner][vc_separator][vc_row_inner][vc_column_inner width=&#8221;1\/3&#8243;][vc_single_image image=&#8221;3720&#8243; img_size=&#8221;&#8221; alignment=&#8221;center&#8221;][\/vc_column_inner][vc_column_inner width=&#8221;2\/3&#8243;][vc_column_text el_class=&#8221;about_company&#8221;]<\/p>\n<h4 style=\"text-align: left;\"><a href=\"http:\/\/www.ba-malta.org\/\">Malta | MBA<\/a><\/h4>\n<p class=\"name\">Malta Broadcasting Authority<\/p>\n<p>[\/vc_column_text][\/vc_column_inner][\/vc_row_inner][vc_separator][vc_row_inner][vc_column_inner width=&#8221;1\/3&#8243;][vc_single_image image=&#8221;3782&#8243; img_size=&#8221;&#8221; alignment=&#8221;center&#8221;][\/vc_column_inner][vc_column_inner width=&#8221;2\/3&#8243;][vc_column_text el_class=&#8221;about_company&#8221;]<\/p>\n<h4 style=\"text-align: left;\"><a href=\"http:\/\/www.audiovizual.md\/\">Moldova | CA <\/a><\/h4>\n<p class=\"name\"><span class=\"content\"> Consiliul Audiovizualului <\/span><\/p>\n<p>[\/vc_column_text][\/vc_column_inner][\/vc_row_inner][vc_separator][vc_row_inner][vc_column_inner width=&#8221;1\/3&#8243;][vc_single_image image=&#8221;3712&#8243; img_size=&#8221;&#8221; alignment=&#8221;center&#8221;][\/vc_column_inner][vc_column_inner width=&#8221;2\/3&#8243;][vc_column_text el_class=&#8221;about_company&#8221;]<\/p>\n<h4 style=\"text-align: left;\"><a href=\"https:\/\/aemcg.org\/\">Montenegro | AEM<\/a><\/h4>\n<p class=\"name\"><span class=\"content\">Agencija za Elektronske Medije<\/span><\/p>\n<h4 style=\"text-align: left;\"><\/h4>\n<p>[\/vc_column_text][\/vc_column_inner][\/vc_row_inner][vc_separator][vc_row_inner][vc_column_inner width=&#8221;1\/3&#8243;][vc_single_image image=&#8221;3814&#8243; img_size=&#8221;&#8221; alignment=&#8221;center&#8221;][\/vc_column_inner][vc_column_inner width=&#8221;2\/3&#8243;][vc_column_text el_class=&#8221;about_company&#8221;]<\/p>\n<h4 style=\"text-align: left;\"><a href=\"https:\/\/avmu.mk\/\">North Macedonia | AVMU<\/a><\/h4>\n<p class=\"name\"><span class=\"content\">\u0410\u0433\u0435\u043d\u0446\u0438\u0458\u0430 \u0437\u0430 \u0430\u0443\u0434\u0438\u043e \u0438 \u0430\u0443\u0434\u0438\u043e\u0432\u0438\u0437\u0443\u0435\u043b\u043d\u0438 \u043c\u0435\u0434\u0438\u0443\u043c\u0441\u043a\u0438 \u0443\u0441\u043b\u0443\u0433\u0438<\/span><\/p>\n<h4 style=\"text-align: left;\"><\/h4>\n<p>[\/vc_column_text][\/vc_column_inner][\/vc_row_inner][vc_separator][vc_row_inner][vc_column_inner width=&#8221;1\/3&#8243;][vc_single_image image=&#8221;3810&#8243; img_size=&#8221;&#8221; alignment=&#8221;center&#8221;][\/vc_column_inner][vc_column_inner width=&#8221;2\/3&#8243;][vc_column_text el_class=&#8221;about_company&#8221;]<\/p>\n<h4 style=\"text-align: left;\"><a href=\"https:\/\/www.medietilsynet.no\/\">Norway | Medietilsynet<\/a><\/h4>\n<p class=\"name\"><span class=\"content\">Medietilsynet <\/span><\/p>\n<h4 style=\"text-align: left;\"><\/h4>\n<p>[\/vc_column_text][\/vc_column_inner][\/vc_row_inner][vc_separator][vc_row_inner][vc_column_inner width=&#8221;1\/3&#8243;][vc_single_image image=&#8221;3937&#8243; img_size=&#8221;&#8221; alignment=&#8221;center&#8221;][\/vc_column_inner][vc_column_inner width=&#8221;2\/3&#8243;][vc_column_text el_class=&#8221;about_company&#8221;]<\/p>\n<h4 style=\"text-align: left;\"><a href=\"http:\/\/www.cvdm.nl\/\">Netherlands | CvdM<\/a><\/h4>\n<p class=\"name\">Commissariaat voor de Media<\/p>\n<h4 style=\"text-align: left;\"><\/h4>\n<h4 style=\"text-align: left;\"><\/h4>\n<p>[\/vc_column_text][\/vc_column_inner][\/vc_row_inner][vc_separator][vc_row_inner][vc_column_inner width=&#8221;1\/3&#8243;][vc_single_image image=&#8221;3729&#8243; img_size=&#8221;&#8221; alignment=&#8221;center&#8221;][\/vc_column_inner][vc_column_inner width=&#8221;2\/3&#8243;][vc_column_text el_class=&#8221;about_company&#8221;]<\/p>\n<h4 style=\"text-align: left;\"><a href=\"https:\/\/www.gov.pl\/web\/krrit\">Poland | KRRiT<\/a><\/h4>\n<p class=\"name\"><span class=\"content\">Krajowa Rada Radiofonii i Telewizji <\/span><\/p>\n<h4 style=\"text-align: left;\"><\/h4>\n<h4 style=\"text-align: left;\"><\/h4>\n<p>[\/vc_column_text][\/vc_column_inner][\/vc_row_inner][vc_separator][vc_row_inner][vc_column_inner width=&#8221;1\/3&#8243;][vc_single_image image=&#8221;3790&#8243; img_size=&#8221;&#8221; alignment=&#8221;center&#8221;][\/vc_column_inner][vc_column_inner width=&#8221;2\/3&#8243;][vc_column_text el_class=&#8221;about_company&#8221;]<\/p>\n<h4 style=\"text-align: left;\"><a href=\"https:\/\/www.erc.pt\/\">Portugal | ERC<\/a><\/h4>\n<p class=\"name\"><span class=\"content\">Entidade Reguladora para a Comunica\u00e7\u00e3o Social <\/span><\/p>\n<h4 style=\"text-align: left;\"><\/h4>\n<h4 style=\"text-align: left;\"><\/h4>\n<p>[\/vc_column_text][\/vc_column_inner][\/vc_row_inner][vc_separator][vc_row_inner][vc_column_inner width=&#8221;1\/3&#8243;][vc_single_image image=&#8221;3806&#8243; img_size=&#8221;&#8221; alignment=&#8221;center&#8221;][\/vc_column_inner][vc_column_inner width=&#8221;2\/3&#8243;][vc_column_text el_class=&#8221;about_company&#8221;]<\/p>\n<h4 style=\"text-align: left;\"><a href=\"https:\/\/www.cna.ro\/\" target=\"_blank\" rel=\"noopener\">Romania | CNA<\/a><\/h4>\n<p class=\"name\"><span class=\"content\">CONSILIUL NA\u0162IONAL AL AUDIOVIZUALULUI <\/span><\/p>\n<p>[\/vc_column_text][\/vc_column_inner][\/vc_row_inner][vc_separator][vc_row_inner][vc_column_inner width=&#8221;1\/3&#8243;][vc_single_image image=&#8221;3877&#8243; img_size=&#8221;&#8221; alignment=&#8221;center&#8221;][\/vc_column_inner][vc_column_inner width=&#8221;2\/3&#8243;][vc_column_text el_class=&#8221;about_company&#8221;]<\/p>\n<h4 style=\"text-align: left;\"><a href=\"http:\/\/www.rem.rs\/#gsc.tab=0\" target=\"_blank\" rel=\"noopener\">Serbia | REM<\/a><\/h4>\n<p class=\"LC20lb DKV0Md\" style=\"text-align: left;\"><span class=\"content\">Regulatorno telo za Elektronske Medije<\/span><\/p>\n<p>[\/vc_column_text][\/vc_column_inner][\/vc_row_inner][vc_separator][vc_row_inner][vc_column_inner width=&#8221;1\/3&#8243;][vc_single_image image=&#8221;3841&#8243; img_size=&#8221;&#8221; alignment=&#8221;center&#8221;][\/vc_column_inner][vc_column_inner width=&#8221;2\/3&#8243;][vc_column_text el_class=&#8221;about_company&#8221;]<\/p>\n<h4 style=\"text-align: left;\"><a href=\"http:\/\/www.rvr.sk\/\" target=\"_blank\" rel=\"noopener\">Slovakia | RVR<\/a><\/h4>\n<p class=\"name\"><span class=\"content\">Rada pre Vysielanie a Retransmisiu <\/span><\/p>\n<p>[\/vc_column_text][\/vc_column_inner][\/vc_row_inner][vc_separator][vc_row_inner][vc_column_inner width=&#8221;1\/3&#8243;][vc_single_image image=&#8221;3845&#8243; img_size=&#8221;&#8221; alignment=&#8221;center&#8221;][\/vc_column_inner][vc_column_inner width=&#8221;2\/3&#8243;][vc_column_text el_class=&#8221;about_company&#8221;]<\/p>\n<h4 style=\"text-align: left;\"><a href=\"https:\/\/www.akos-rs.si\/\" target=\"_blank\" rel=\"noopener\">Slovenia | AKOS<\/a><\/h4>\n<p><span class=\"content\">Agencija za Komunikacijska Omre\u017eja in Storitve <\/span>[\/vc_column_text][\/vc_column_inner][\/vc_row_inner][vc_separator][vc_row_inner][vc_column_inner width=&#8221;1\/3&#8243;][vc_single_image image=&#8221;3861&#8243; img_size=&#8221;&#8221; alignment=&#8221;center&#8221;][\/vc_column_inner][vc_column_inner width=&#8221;2\/3&#8243;][vc_column_text el_class=&#8221;about_company&#8221;]<\/p>\n<h4 style=\"text-align: left;\"><a href=\"https:\/\/www.cnmc.es\/\">Spain | CNMC<\/a><\/h4>\n<p class=\"name\"><span class=\"content\">Comisi\u00f3n Nacional de los Mercados y la Competencia<\/span><\/p>\n<h4 style=\"text-align: left;\"><\/h4>\n<p>[\/vc_column_text][\/vc_column_inner][\/vc_row_inner][vc_separator][vc_row_inner][vc_column_inner width=&#8221;1\/3&#8243;][vc_single_image image=&#8221;3865&#8243; img_size=&#8221;&#8221; alignment=&#8221;center&#8221;][\/vc_column_inner][vc_column_inner width=&#8221;2\/3&#8243;][vc_column_text el_class=&#8221;about_company&#8221;]<\/p>\n<h4 style=\"text-align: left;\"><a href=\"https:\/\/consejoaudiovisualdeandalucia.es\/\">Spain | CAA<\/a><\/h4>\n<p class=\"name\"><span class=\"content\"> Consejo Audiovisual de Andaluc\u00eda <\/span><\/p>\n<h4 style=\"text-align: left;\"><\/h4>\n<p>[\/vc_column_text][\/vc_column_inner][\/vc_row_inner][vc_separator][vc_row_inner][vc_column_inner width=&#8221;1\/3&#8243;][vc_single_image image=&#8221;3645&#8243; img_size=&#8221;&#8221; alignment=&#8221;center&#8221;][\/vc_column_inner][vc_column_inner width=&#8221;2\/3&#8243;][vc_column_text el_class=&#8221;about_company&#8221;]<\/p>\n<h4 style=\"text-align: left;\"><a href=\"https:\/\/www.cac.cat\/\">Spain | CAC<\/a><\/h4>\n<p class=\"name\"><span class=\"content\"> Consell de l\u2019Audiovisual de Catalunya <\/span><\/p>\n<h4 style=\"text-align: left;\"><\/h4>\n<p>[\/vc_column_text][\/vc_column_inner][\/vc_row_inner][vc_separator][vc_row_inner][vc_column_inner width=&#8221;1\/3&#8243;][vc_single_image image=&#8221;3745&#8243; img_size=&#8221;&#8221; alignment=&#8221;center&#8221;][\/vc_column_inner][vc_column_inner width=&#8221;2\/3&#8243;][vc_column_text el_class=&#8221;about_company&#8221;]<\/p>\n<h4 style=\"text-align: left;\"><a href=\"https:\/\/www.mprt.se\/\" target=\"_blank\" rel=\"noopener\">Sweden | MPRT<\/a><\/h4>\n<p class=\"name\"><span class=\"content\">Myndigheten f\u00f6r press, radio och tv <\/span><\/p>\n<p>[\/vc_column_text][\/vc_column_inner][\/vc_row_inner][vc_separator][vc_row_inner][vc_column_inner width=&#8221;1\/3&#8243;][vc_single_image image=&#8221;3749&#8243; img_size=&#8221;&#8221; alignment=&#8221;center&#8221;][\/vc_column_inner][vc_column_inner width=&#8221;2\/3&#8243;][vc_column_text el_class=&#8221;about_company&#8221;]<\/p>\n<h4 style=\"text-align: left;\"><a href=\"https:\/\/www.statensmedierad.se\/\" target=\"_blank\" rel=\"noopener\">Sweden | SM<\/a><\/h4>\n<p class=\"name\"><span class=\"content\">Statens Medier\u00e5d <\/span><\/p>\n<p>[\/vc_column_text][\/vc_column_inner][\/vc_row_inner][vc_separator][vc_row_inner][vc_column_inner width=&#8221;1\/3&#8243;][vc_single_image image=&#8221;2043&#8243; img_size=&#8221;&#8221; alignment=&#8221;center&#8221;][\/vc_column_inner][vc_column_inner width=&#8221;2\/3&#8243;][vc_column_text el_class=&#8221;about_company&#8221;]<\/p>\n<h4 style=\"text-align: left;\"><a href=\"https:\/\/www.ubi.admin.ch\/fr\/aiep-page-daccueil\" target=\"_blank\" rel=\"noopener\">Switzerland | AIEP<\/a><\/h4>\n<p class=\"LC20lb DKV0Md\" style=\"text-align: left;\">Autorit\u00e9 Ind\u00e9pendante d\u2019Examen des Plaintes en mati\u00e8re de Radio-T\u00e9l\u00e9vision<\/p>\n<p>[\/vc_column_text][\/vc_column_inner][\/vc_row_inner][vc_separator][vc_row_inner][vc_column_inner width=&#8221;1\/3&#8243;][vc_single_image image=&#8221;3617&#8243; img_size=&#8221;&#8221; alignment=&#8221;center&#8221;][\/vc_column_inner][vc_column_inner width=&#8221;2\/3&#8243;][vc_column_text el_class=&#8221;about_company&#8221;]<\/p>\n<h4 style=\"text-align: left;\"><a href=\"https:\/\/www.bakom.admin.ch\/bakom\/de\/home.html\" target=\"_blank\" rel=\"noopener\">Switzerland | OFCOM<\/a><\/h4>\n<p class=\"LC20lb DKV0Md\" style=\"text-align: left;\">Federal Office of Communications<\/p>\n<p>[\/vc_column_text][\/vc_column_inner][\/vc_row_inner][vc_separator][vc_row_inner][vc_column_inner width=&#8221;1\/3&#8243;][vc_single_image image=&#8221;3761&#8243; img_size=&#8221;&#8221; alignment=&#8221;center&#8221;][\/vc_column_inner][vc_column_inner width=&#8221;2\/3&#8243;][vc_column_text el_class=&#8221;about_company&#8221;]<\/p>\n<h4 style=\"text-align: left;\"><a href=\"https:\/\/www.rtuk.gov.tr\/\">Turkey | RT\u00dcK<\/a><\/h4>\n<p class=\"name\"><span class=\"content\">Radyo ve Televizyon \u00dcst Kurulu <\/span><\/p>\n<p>[\/vc_column_text][\/vc_column_inner][\/vc_row_inner][vc_separator][vc_row_inner][vc_column_inner width=&#8221;1\/3&#8243;][vc_single_image image=&#8221;3915&#8243; img_size=&#8221;&#8221; alignment=&#8221;center&#8221;][\/vc_column_inner][vc_column_inner width=&#8221;2\/3&#8243;][vc_column_text el_class=&#8221;about_company&#8221;]<\/p>\n<h4 style=\"text-align: left;\"><a href=\"https:\/\/www.nrada.gov.ua\/\">Ukraine | NRADA<\/a><\/h4>\n<p class=\"name\">National Council of TV and Radio Broadcasting <span class=\"content\">\u2013 \u041d\u0430\u0446\u0456\u043e\u043d\u0430\u043b\u044c\u043d\u0430 \u0440\u0430\u0434\u0430 <\/span><\/p>\n<p>[\/vc_column_text][\/vc_column_inner][\/vc_row_inner][vc_separator][vc_row_inner][vc_column_inner width=&#8221;1\/3&#8243;][vc_single_image image=&#8221;3775&#8243; img_size=&#8221;&#8221; alignment=&#8221;center&#8221;][\/vc_column_inner][vc_column_inner width=&#8221;2\/3&#8243;][vc_column_text el_class=&#8221;about_company&#8221;]<\/p>\n<h4 style=\"text-align: left;\"><a href=\"https:\/\/www.ofcom.org.uk\/\" target=\"_blank\" rel=\"noopener\">United Kingdom | OFCOM<\/a><\/h4>\n<p style=\"text-align: left;\">Office of Communications<\/p>\n<p>[\/vc_column_text][\/vc_column_inner][\/vc_row_inner][\/vc_column][\/vc_row]<\/p>\n<!-- AddThis Advanced Settings generic via filter on the_content --><!-- AddThis Share Buttons generic via filter on the_content -->","protected":false},"excerpt":{"rendered":"<p>[vc_row el_class=&#8221;carrers_area&#8221;][vc_column width=&#8221;1\/4&#8243; el_class=&#8221;carrers_left width_100&#8243;][vc_column_text] Authorities Africa Europe Americas Asia Oceania [\/vc_column_text][vc_column_text] Contact Mr. Jean-Fran\u00e7ois Furn\u00e9mont, Editor in Chief Phone : +216 71 656 507 +32 477 307 160 E-mail : info@mediaregulation.org [\/vc_column_text][\/vc_column][vc_column width=&#8221;3\/4&#8243; el_class=&#8221;carrers_right_content width_100&#8243;][vc_row_inner el_class=&#8221;partner_details&#8221;][vc_column_inner el_class=&#8221;section_title&#8221;][vc_custom_heading text=&#8221;Regulatory authorities in Europe&#8221; google_fonts=&#8221;&#8221;][vc_custom_heading text=&#8221;&#8221; font_container=&#8221;tag:p|text_align:left&#8221; google_fonts=&#8221;&#8221;][\/vc_column_inner][\/vc_row_inner][vc_row_inner][vc_column_inner width=&#8221;1\/3&#8243;][vc_single_image image=&#8221;3581&#8243; img_size=&#8221;&#8221; alignment=&#8221;center&#8221;][\/vc_column_inner][vc_column_inner width=&#8221;2\/3&#8243;][vc_column_text el_class=&#8221;about_company&#8221;] Albania | AMA<!-- AddThis Advanced Settings generic via filter on get_the_excerpt --><!-- AddThis Share Buttons generic via filter on get_the_excerpt --><\/p>\n","protected":false},"author":1,"featured_media":0,"parent":2309,"menu_order":0,"comment_status":"closed","ping_status":"closed","template":"","meta":{"inline_featured_image":false,"_links_to":"","_links_to_target":""},"yoast_head":"<!-- This site is optimized with the Yoast SEO plugin v21.1 - https:\/\/yoast.com\/wordpress\/plugins\/seo\/ -->\n<title>Europe - CRRM<\/title>\n<meta name=\"robots\" content=\"index, follow, max-snippet:-1, max-image-preview:large, max-video-preview:-1\" \/>\n<link rel=\"canonical\" href=\"https:\/\/www.mediaregulation.org\/en\/regulatory-authorities\/europe\/\" \/>\n<meta property=\"og:locale\" content=\"en_US\" \/>\n<meta property=\"og:type\" content=\"article\" \/>\n<meta property=\"og:title\" content=\"Europe - CRRM\" \/>\n<meta property=\"og:description\" content=\"[vc_row el_class=&#8221;carrers_area&#8221;][vc_column width=&#8221;1\/4&#8243; el_class=&#8221;carrers_left width_100&#8243;][vc_column_text] Authorities Africa Europe Americas Asia Oceania [\/vc_column_text][vc_column_text] Contact Mr. Jean-Fran\u00e7ois Furn\u00e9mont, Editor in Chief Phone : +216 71 656 507 +32 477 307 160 E-mail : info@mediaregulation.org [\/vc_column_text][\/vc_column][vc_column width=&#8221;3\/4&#8243; el_class=&#8221;carrers_right_content width_100&#8243;][vc_row_inner el_class=&#8221;partner_details&#8221;][vc_column_inner el_class=&#8221;section_title&#8221;][vc_custom_heading text=&#8221;Regulatory authorities in Europe&#8221; google_fonts=&#8221;&#8221;][vc_custom_heading text=&#8221;&#8221; font_container=&#8221;tag:p|text_align:left&#8221; google_fonts=&#8221;&#8221;][\/vc_column_inner][\/vc_row_inner][vc_row_inner][vc_column_inner width=&#8221;1\/3&#8243;][vc_single_image image=&#8221;3581&#8243; img_size=&#8221;&#8221; alignment=&#8221;center&#8221;][\/vc_column_inner][vc_column_inner width=&#8221;2\/3&#8243;][vc_column_text el_class=&#8221;about_company&#8221;] Albania | AMA\" \/>\n<meta property=\"og:url\" content=\"https:\/\/www.mediaregulation.org\/en\/regulatory-authorities\/europe\/\" \/>\n<meta property=\"og:site_name\" content=\"CRRM\" \/>\n<meta property=\"article:publisher\" content=\"https:\/\/www.facebook.com\/regulationmedia\/\" \/>\n<meta property=\"article:modified_time\" content=\"2022-03-11T18:28:36+00:00\" \/>\n<meta name=\"twitter:card\" content=\"summary_large_image\" \/>\n<meta name=\"twitter:site\" content=\"@mediaregulatio1\" \/>\n<meta name=\"twitter:label1\" content=\"Est. reading time\" \/>\n\t<meta name=\"twitter:data1\" content=\"13 minutes\" \/>\n<script type=\"application\/ld+json\" class=\"yoast-schema-graph\">{\"@context\":\"https:\/\/schema.org\",\"@graph\":[{\"@type\":\"WebPage\",\"@id\":\"https:\/\/www.mediaregulation.org\/en\/regulatory-authorities\/europe\/\",\"url\":\"https:\/\/www.mediaregulation.org\/en\/regulatory-authorities\/europe\/\",\"name\":\"Europe - CRRM\",\"isPartOf\":{\"@id\":\"https:\/\/www.mediaregulation.org\/ar\/#website\"},\"datePublished\":\"2022-01-05T10:54:08+00:00\",\"dateModified\":\"2022-03-11T18:28:36+00:00\",\"breadcrumb\":{\"@id\":\"https:\/\/www.mediaregulation.org\/en\/regulatory-authorities\/europe\/#breadcrumb\"},\"inLanguage\":\"en-US\",\"potentialAction\":[{\"@type\":\"ReadAction\",\"target\":[\"https:\/\/www.mediaregulation.org\/en\/regulatory-authorities\/europe\/\"]}]},{\"@type\":\"BreadcrumbList\",\"@id\":\"https:\/\/www.mediaregulation.org\/en\/regulatory-authorities\/europe\/#breadcrumb\",\"itemListElement\":[{\"@type\":\"ListItem\",\"position\":1,\"name\":\"Accueil\",\"item\":\"https:\/\/www.mediaregulation.org\/en\/\"},{\"@type\":\"ListItem\",\"position\":2,\"name\":\"Regulatory authorities\",\"item\":\"https:\/\/www.mediaregulation.org\/en\/regulatory-authorities\/\"},{\"@type\":\"ListItem\",\"position\":3,\"name\":\"Europe\"}]},{\"@type\":\"WebSite\",\"@id\":\"https:\/\/www.mediaregulation.org\/ar\/#website\",\"url\":\"https:\/\/www.mediaregulation.org\/ar\/\",\"name\":\"CRRM\",\"description\":\"Centre de ressources sur la r\u00e9gulation des M\u00e9dias\",\"publisher\":{\"@id\":\"https:\/\/www.mediaregulation.org\/ar\/#organization\"},\"potentialAction\":[{\"@type\":\"SearchAction\",\"target\":{\"@type\":\"EntryPoint\",\"urlTemplate\":\"https:\/\/www.mediaregulation.org\/ar\/?s={search_term_string}\"},\"query-input\":\"required name=search_term_string\"}],\"inLanguage\":\"en-US\"},{\"@type\":\"Organization\",\"@id\":\"https:\/\/www.mediaregulation.org\/ar\/#organization\",\"name\":\"Centre de ressources en ligne sur la r\u00e9gulation des m\u00e9dias, l'autor\u00e9gulation et l'\u00e9ducation aux m\u00e9dias (CRRM)\",\"url\":\"https:\/\/www.mediaregulation.org\/ar\/\",\"logo\":{\"@type\":\"ImageObject\",\"inLanguage\":\"en-US\",\"@id\":\"https:\/\/www.mediaregulation.org\/ar\/#\/schema\/logo\/image\/\",\"url\":\"https:\/\/www.mediaregulation.org\/wp-content\/uploads\/2022\/05\/logo-fr-desctop-2.jpeg\",\"contentUrl\":\"https:\/\/www.mediaregulation.org\/wp-content\/uploads\/2022\/05\/logo-fr-desctop-2.jpeg\",\"width\":560,\"height\":74,\"caption\":\"Centre de ressources en ligne sur la r\u00e9gulation des m\u00e9dias, l'autor\u00e9gulation et l'\u00e9ducation aux m\u00e9dias (CRRM)\"},\"image\":{\"@id\":\"https:\/\/www.mediaregulation.org\/ar\/#\/schema\/logo\/image\/\"},\"sameAs\":[\"https:\/\/www.facebook.com\/regulationmedia\/\",\"https:\/\/twitter.com\/mediaregulatio1\",\"https:\/\/www.youtube.com\/channel\/UC_PWIr_i5cWscxsu_Zno_Jg\"]}]}<\/script>\n<!-- \/ Yoast SEO plugin. -->","yoast_head_json":{"title":"Europe - CRRM","robots":{"index":"index","follow":"follow","max-snippet":"max-snippet:-1","max-image-preview":"max-image-preview:large","max-video-preview":"max-video-preview:-1"},"canonical":"https:\/\/www.mediaregulation.org\/en\/regulatory-authorities\/europe\/","og_locale":"en_US","og_type":"article","og_title":"Europe - CRRM","og_description":"[vc_row el_class=&#8221;carrers_area&#8221;][vc_column width=&#8221;1\/4&#8243; el_class=&#8221;carrers_left width_100&#8243;][vc_column_text] Authorities Africa Europe Americas Asia Oceania [\/vc_column_text][vc_column_text] Contact Mr. Jean-Fran\u00e7ois Furn\u00e9mont, Editor in Chief Phone : +216 71 656 507 +32 477 307 160 E-mail : info@mediaregulation.org [\/vc_column_text][\/vc_column][vc_column width=&#8221;3\/4&#8243; el_class=&#8221;carrers_right_content width_100&#8243;][vc_row_inner el_class=&#8221;partner_details&#8221;][vc_column_inner el_class=&#8221;section_title&#8221;][vc_custom_heading text=&#8221;Regulatory authorities in Europe&#8221; google_fonts=&#8221;&#8221;][vc_custom_heading text=&#8221;&#8221; font_container=&#8221;tag:p|text_align:left&#8221; google_fonts=&#8221;&#8221;][\/vc_column_inner][\/vc_row_inner][vc_row_inner][vc_column_inner width=&#8221;1\/3&#8243;][vc_single_image image=&#8221;3581&#8243; img_size=&#8221;&#8221; alignment=&#8221;center&#8221;][\/vc_column_inner][vc_column_inner width=&#8221;2\/3&#8243;][vc_column_text el_class=&#8221;about_company&#8221;] Albania | AMA","og_url":"https:\/\/www.mediaregulation.org\/en\/regulatory-authorities\/europe\/","og_site_name":"CRRM","article_publisher":"https:\/\/www.facebook.com\/regulationmedia\/","article_modified_time":"2022-03-11T18:28:36+00:00","twitter_card":"summary_large_image","twitter_site":"@mediaregulatio1","twitter_misc":{"Est. reading time":"13 minutes"},"schema":{"@context":"https:\/\/schema.org","@graph":[{"@type":"WebPage","@id":"https:\/\/www.mediaregulation.org\/en\/regulatory-authorities\/europe\/","url":"https:\/\/www.mediaregulation.org\/en\/regulatory-authorities\/europe\/","name":"Europe - CRRM","isPartOf":{"@id":"https:\/\/www.mediaregulation.org\/ar\/#website"},"datePublished":"2022-01-05T10:54:08+00:00","dateModified":"2022-03-11T18:28:36+00:00","breadcrumb":{"@id":"https:\/\/www.mediaregulation.org\/en\/regulatory-authorities\/europe\/#breadcrumb"},"inLanguage":"en-US","potentialAction":[{"@type":"ReadAction","target":["https:\/\/www.mediaregulation.org\/en\/regulatory-authorities\/europe\/"]}]},{"@type":"BreadcrumbList","@id":"https:\/\/www.mediaregulation.org\/en\/regulatory-authorities\/europe\/#breadcrumb","itemListElement":[{"@type":"ListItem","position":1,"name":"Accueil","item":"https:\/\/www.mediaregulation.org\/en\/"},{"@type":"ListItem","position":2,"name":"Regulatory authorities","item":"https:\/\/www.mediaregulation.org\/en\/regulatory-authorities\/"},{"@type":"ListItem","position":3,"name":"Europe"}]},{"@type":"WebSite","@id":"https:\/\/www.mediaregulation.org\/ar\/#website","url":"https:\/\/www.mediaregulation.org\/ar\/","name":"CRRM","description":"Centre de ressources sur la r\u00e9gulation des M\u00e9dias","publisher":{"@id":"https:\/\/www.mediaregulation.org\/ar\/#organization"},"potentialAction":[{"@type":"SearchAction","target":{"@type":"EntryPoint","urlTemplate":"https:\/\/www.mediaregulation.org\/ar\/?s={search_term_string}"},"query-input":"required name=search_term_string"}],"inLanguage":"en-US"},{"@type":"Organization","@id":"https:\/\/www.mediaregulation.org\/ar\/#organization","name":"Centre de ressources en ligne sur la r\u00e9gulation des m\u00e9dias, l'autor\u00e9gulation et l'\u00e9ducation aux m\u00e9dias (CRRM)","url":"https:\/\/www.mediaregulation.org\/ar\/","logo":{"@type":"ImageObject","inLanguage":"en-US","@id":"https:\/\/www.mediaregulation.org\/ar\/#\/schema\/logo\/image\/","url":"https:\/\/www.mediaregulation.org\/wp-content\/uploads\/2022\/05\/logo-fr-desctop-2.jpeg","contentUrl":"https:\/\/www.mediaregulation.org\/wp-content\/uploads\/2022\/05\/logo-fr-desctop-2.jpeg","width":560,"height":74,"caption":"Centre de ressources en ligne sur la r\u00e9gulation des m\u00e9dias, l'autor\u00e9gulation et l'\u00e9ducation aux m\u00e9dias (CRRM)"},"image":{"@id":"https:\/\/www.mediaregulation.org\/ar\/#\/schema\/logo\/image\/"},"sameAs":["https:\/\/www.facebook.com\/regulationmedia\/","https:\/\/twitter.com\/mediaregulatio1","https:\/\/www.youtube.com\/channel\/UC_PWIr_i5cWscxsu_Zno_Jg"]}]}},"_links":{"self":[{"href":"https:\/\/www.mediaregulation.org\/en\/wp-json\/wp\/v2\/pages\/4197"}],"collection":[{"href":"https:\/\/www.mediaregulation.org\/en\/wp-json\/wp\/v2\/pages"}],"about":[{"href":"https:\/\/www.mediaregulation.org\/en\/wp-json\/wp\/v2\/types\/page"}],"author":[{"embeddable":true,"href":"https:\/\/www.mediaregulation.org\/en\/wp-json\/wp\/v2\/users\/1"}],"replies":[{"embeddable":true,"href":"https:\/\/www.mediaregulation.org\/en\/wp-json\/wp\/v2\/comments?post=4197"}],"version-history":[{"count":11,"href":"https:\/\/www.mediaregulation.org\/en\/wp-json\/wp\/v2\/pages\/4197\/revisions"}],"predecessor-version":[{"id":4667,"href":"https:\/\/www.mediaregulation.org\/en\/wp-json\/wp\/v2\/pages\/4197\/revisions\/4667"}],"up":[{"embeddable":true,"href":"https:\/\/www.mediaregulation.org\/en\/wp-json\/wp\/v2\/pages\/2309"}],"wp:attachment":[{"href":"https:\/\/www.mediaregulation.org\/en\/wp-json\/wp\/v2\/media?parent=4197"}],"curies":[{"name":"wp","href":"https:\/\/api.w.org\/{rel}","templated":true}]}}